{"id":8,"date":"2023-02-02T10:43:03","date_gmt":"2023-02-02T10:43:03","guid":{"rendered":"https:\/\/vapaa-ajattelijat.fi\/kouvola\/?page_id=8"},"modified":"2026-03-18T08:12:08","modified_gmt":"2026-03-18T08:12:08","slug":"yhdistys","status":"publish","type":"page","link":"https:\/\/vapaa-ajattelijat.fi\/kouvola\/yhdistys\/","title":{"rendered":"Yhdistys"},"content":{"rendered":"<header class=\"entry-header\" aria-label=\"Sis\u00e4lt\u00f6\">\n<h1 class=\"entry-title\">Yhdistyksen esittely<\/h1>\n<\/header>\n<div class=\"entry-content\">\n<h3><b>Hallitus:<\/b><\/h3>\n<p>Tiina Saavalainen, puheenjohtaja<br \/>\nEmmi Lyytik\u00e4inen, varapuheenjohtaja<br \/>\nMelina Maunula, sihteeri<br \/>\nLeila P\u00f6rsti, hautausmaavastaava<br \/>\nArto Porvari, j\u00e4sen<\/p>\n<p>Hallituksen ulkopuolisena taloudenhoitajana toimii Ume Eerola.<\/p>\n<h3><b>Tietoa Kouvolan Vapaa-ajattelijoista<\/b><\/h3>\n<p><span style=\"font-weight: 400\">Ihmisten yhdenvertainen kohtelu on yksi keskeisist\u00e4 sivistyneen yhteiskunnan tukipilareista. Kuitenkin yhdenvertaisuus uskonnosta tai vakaumuksesta riippumatta on Suomessa toteutunut huonosti. <\/span><span style=\"font-weight: 400\">Valtion tulisi arvostaa kaikkia ihmisi\u00e4 yhdenvertaisesti heid\u00e4n uskonnostaan tai vakaumuksestaan riippumatta, my\u00f6s uskonnottomia. Kirkko ja valtio tulisi erottaa toisistaan ja evankelis-luterilaisen kirkon julkisoikeudellisesta, valtionkirkollisesta asemasta tulisi luopua.<\/span><\/p>\n<p><span style=\"font-weight: 400\">Haluamme nostaa esille valtionkirkkoon liittyvi\u00e4 ongelmia, kuten koulujen pakollinen uskonnon opetus ja el\u00e4m\u00e4nkatsomustiedon kielto kirkkoon liitetyille sek\u00e4 tunnustuksellisen uskonnonharjoituksen liitt\u00e4minen koulujen ja p\u00e4iv\u00e4kotien toimintaan.\u00a0<\/span><span style=\"font-weight: 400\">Vapaa-ajattelijat toimivat uskonnottomien oikeuksien puolesta, uskonnon ja katsomuksen vapauden sek\u00e4 yhdenvertaisuuden puolesta, syrjinn\u00e4n poistamiseksi. Pid\u00e4mme yll\u00e4 kaunista pient\u00e4 mets\u00e4hautausmaata Kuusankoskella, Voij\u00e4rventien reunassa.<\/span><\/p>\n<p><span style=\"font-weight: 400\">Olet l\u00e4mpim\u00e4sti tervetullut mukaan toimintaamme!<\/span><\/p>\n<h3><strong>Historian havinaa<\/strong><\/h3>\n<p class=\"pkv\"><span class=\"pkv1\">Kuusankosken Vapaa-ajattelijain Yhdistys r.y. (46295) perustettiin 7.4.1946 Eines-kahvilassa 18 hengen voimin. Perustamiskirja on p\u00e4iv\u00e4tty kuitenkin vasta 28.4.1946. Yhdistys rekister\u00f6itiin 28.7.1947.\u00a0<\/span><span class=\"pkv1\">Yhdistyksen uusi nimi, Pohjois-Kymen Vapaa-ajattelijat ry, rekister\u00f6itiin 18.2.1999. Pohjois-Kymen kuuden kunnan kuntaliitoksen takia yhdistys muutti taas nimens\u00e4. Nimi Kouvolan Vapaa-ajattelijat ry rekister\u00f6itiin 8.3.2010.<br \/>\n<\/span><\/p>\n<h5 class=\"pkv\"><span class=\"pkv1\">Ajatus hautausmaasta syntyy<br \/>\n<\/span><\/h5>\n<p class=\"pkv\"><span class=\"pkv1\">Yhdistyksen pitk\u00e4aikainen aktiivin Seppo Simpuran mukaan ajatus oman hautausmaan perustamisesta syntyi er\u00e4\u00e4n leskivaimon vastoink\u00e4ymisten takia. T\u00e4m\u00e4 joutui hautaamaan miesvainajansa er\u00e4\u00e4n\u00e4 lumisena talvena seurakunnan hautausmaan \u00e4\u00e4rimm\u00e4iseen kolkkaan. Kulkutiet\u00e4k\u00e4\u00e4n sinne ei ollut aurattu, ja leski joutui aurauttamaan kulkutien omalla kustannuksellaan. T\u00e4st\u00e4 oli pahastuttu; p\u00e4\u00e4tettiin perustaa oma hautausmaa.\u00a0<\/span><\/p>\n<p class=\"pkv\"><span class=\"pkv1\">Hautapaikkojen suhteellinen kalleuskin on voinut vaikuttaa perustamisp\u00e4\u00e4t\u00f6kseen. Hautasijan hinta seurakuntaan kuulumattomalle oli nimitt\u00e4in 500 prosenttia korkeampi kuin seurakuntalaiselle (Hautausmaat kunnallistettava. &#8211; VAJ 1946:5-6, 91)<\/span><\/p>\n<h5 class=\"pkv\"><span class=\"pkv1\">Perustamislupa-anomus<br \/>\n<\/span><\/h5>\n<p class=\"pkv\"><span class=\"pkv1\">Hautausmaan perustamislupa-anomuksen allekirjoittivat 30.1.1950 yhdistyksen puheenjohtaja, jalkineliikkeenharjoittaja Uuno Sinisalo sek\u00e4 sihteeri Otto Torniainen ja se saapui OPM:lle 6.2.1950 (30.1.1950\/6.2.1950 AD (230\/54) 1950 OPM, SVA).<br \/>\n<\/span><\/p>\n<h5 class=\"pkv\"><span class=\"pkv1\">Tila<br \/>\n<\/span><\/h5>\n<p class=\"pkv\"><span class=\"pkv1\">Hautausmaa perustettiin Maunukselan kyl\u00e4ss\u00e4 olevalle Lepola-nimiselle tilalle (286-409-1-151), joka sijaitsee noin kolmen kilometrin p\u00e4\u00e4ss\u00e4 Kuusankosken keskustasta. Tila on lohkottu Kuusankosken kunnan omistamasta Per\u00e4talo-tilasta (306-407-1-135) ja sen pinta-ala on tasan yksi hehtaari. (Kiinteist\u00f6tunnuksissa numero 286 viittaa jo Kouvolan kaupunkiin, mutta 306 viittaa silloiseen Kuusankosken kuntaan.)<br \/>\n<\/span><\/p>\n<h5 class=\"pkv\"><span class=\"pkv1\">Kauppakirja<br \/>\n<\/span><\/h5>\n<p class=\"pkv\"><span class=\"pkv1\">Kauppakirja allekirjoitettiin 14.11.1949. Kauppahinta oli 10.000 markkaa, ja maksu tapahtui heti kauppakirjan allekirjoitustilaisuudessa. Alueen hankintahinta rahoitettiin myym\u00e4ll\u00e4 hautapaikkoja yhdistyksen j\u00e4senille ja kaatamalla puita, jotka myytiin sahattaviksi. Ostajan tuli huolehtia siit\u00e4, ett\u00e4 tila tulee hautausmaaksi, muussa tapauksessa alue palaisi kunnalle siit\u00e4 maksetulla hinnalla. Ostajan tuli my\u00f6s laillistuttaa saantonsa omalla kustannuksellaan. Tilalla ei ollut osuuksia yhteisiin maa- tai vesialueisiin. <\/span><span class=\"pkv1\">Kauppakirjan allekirjoittivat myyj\u00e4n puolelta kunnan valtuuttamana viilaaja Lauri Lahtinen ja ostajan puolelta Uuno Sinisalo. Kaupan todisti julkinen kaupanvahvistaja Matti Kuusisto ja kutsuttuna todistajana oli Meeri Vuorentaus.<\/span><\/p>\n<h5 class=\"pkv\"><span class=\"pkv1\">Hautausmaan valmistelu<br \/>\n<\/span><\/h5>\n<p class=\"pkv\"><span class=\"pkv1\">N\u00e4in hanke oli saatu liikkeelle. Kuusankosken terveydenhoitolautakunta totesi 7.12.1949, ettei sill\u00e4 ollut mit\u00e4\u00e4n muistutettavaa asiassa.\u00a0<\/span><span class=\"pkv1\">Kymen l\u00e4\u00e4ninl\u00e4\u00e4k\u00e4ri Harald Enwald lausui 2.2.1950, ett\u00e4 alue oli tarkastettu. Alue vietti v\u00e4h\u00e4n etel\u00e4\u00e4n ollen melkein kivet\u00f6nt\u00e4 hiekkakangasta, joten se oli &#8221;varsin sopiva hautausmaaksi&#8221;.\u00a0<\/span><span class=\"pkv1\">OPM:ss\u00e4 nuorempi hallitussihteeri K. G. Rein pyysi 7.2.1950 asiassa lausuntoa l\u00e4\u00e4ninhallitukselta. Maaherra Arvo Manner ja v.t. l\u00e4\u00e4ninneuvos Eero Kurkiola vastasivat 8.2.1950, ettei asiassa ollut muistutettavaa.<br \/>\n<\/span><\/p>\n<h5 class=\"pkv\"><span class=\"pkv1\">P\u00e4\u00e4t\u00f6s<br \/>\n<\/span><\/h5>\n<p class=\"pkv\"><span class=\"pkv1\">My\u00f6nteinen p\u00e4\u00e4t\u00f6s annettiin 13.2.1950, ja anoja oikeutettiin perustamaan hautausmaa. P\u00e4\u00e4t\u00f6ksen allekirjoittivat opetusministeri R. H. Oittinen ja nuorempi hallitussihteeri K. G. Rein (P\u00e4\u00e4t\u00f6skonseptit 1950).<br \/>\n<\/span><\/p>\n<h5 class=\"pkv\"><span class=\"pkv1\">K\u00e4ytt\u00f6\u00f6notto<br \/>\n<\/span><\/h5>\n<p class=\"pkv\"><span class=\"pkv1\">Tilan nimen mukaan hautausmaakin sai nimen Lepola. Hautausmaa otettiin k\u00e4ytt\u00f6\u00f6n seuraavana vuonna eli 1951, kun ensimm\u00e4inen vainaja haudattiin 15.2.1951.\u00a0<\/span><span class=\"pkv1\">Tila rekister\u00f6itiin 1.2.1952. Lainhuuto on annettu 11.12.2006, jota seurasi 6.1.2009 kuntaliitoksesta johtunut selvennyslainhuuto.<br \/>\n<\/span><\/p>\n<h5 class=\"pkv\"><span class=\"pkv1\">Uurna- ja muistolehto<br \/>\n<\/span><\/h5>\n<p class=\"pkv\"><span class=\"pkv1\">Vuonna 1999 hautausmaalle rakennettiin taiteilija Ilkka O. Lehtisen (taiteilijanimi Ilja West) suunnittelema uurna- ja muistolehto, jonne voidaan haudata tuhkauurnia ja sirotella vainajien tuhkaa. Alueen pohjoisreunassa on uurnahautoja. Alueella on puinen taulu, johon voidaan kiinnitt\u00e4\u00e4 alueelle haudattujen vainajien metallisia nimikilpi\u00e4. Alueen keskell\u00e4 on muistomerkkin\u00e4 suurehko kivi, jonka kyljess\u00e4 on metallinen kohokuva. Kohokuvassa on kuvattu vapaa-ajattelijain liekkimalja.<\/span><\/p>\n<p><img loading=\"lazy\" decoding=\"async\" class=\"alignnone size-full wp-image-74\" src=\"http:\/\/vapaa-ajattelijat.fi\/kouvola\/wp-content\/uploads\/sites\/22\/2023\/05\/7.jpg\" alt=\"\" width=\"1500\" height=\"2000\" \/><\/p>\n<p class=\"pkv\"><span class=\"pkv1\">Alueen rakentaminen rahoitettiin mm. myym\u00e4ll\u00e4 tilalta tukkipuita. Taiteilija tosin toteutti uurna- ja muistolehdon hyvin huokealla.\u00a0<\/span><span class=\"pkv1\">Taiteilija Lehtinen oli saanut jonkin toisen ty\u00f6n toteutettavakseen samoihin aikoihin joltakin evankelis-luterilaiselta seurakunnalta. T\u00e4m\u00e4 toimeksianto peruttiin seurakunnan toimesta, kun Lehtinen oli vastaanottanut ja toteuttanut uurna- ja muistolehdon Lepolaan.<\/span><\/p>\n<h5 class=\"pkv\"><span class=\"pkv1\">Hautausmaan nykytila<br \/>\n<\/span><\/h5>\n<p class=\"pkv\"><span class=\"pkv1\">Hautojen hoito tapahtuu p\u00e4\u00e4osin omaisten toimesta. Hautausmaan yleishoito kuuluu yhdistykselle ja lis\u00e4ksi yhdistyksen hoidossa on yksi hauta. Hoito tapahtuu vapaaehtoisvoimin. Uurnahautojen kaivamisesta huolehtii yhdistys.<br \/>\n<\/span><\/p>\n<p class=\"pkv\"><span class=\"pkv1\">Hautausmaata pohjois- ja it\u00e4sivulla rajaava istutettu kuusiaita on kasvanut suureksi. Etel\u00e4sivulla hautausmaata rajaa evankelis-luterilaisen seurakunnan kiviaita. L\u00e4nsisivulla ei ole aitaa.\u00a0<\/span><span class=\"pkv1\">Alue on m\u00e4ntyvaltaista mets\u00e4\u00e4, mutta joukossa on kuusia, koivujakin. Hautausmaan etel\u00e4laidassa on kaivo, josta saadaan kasteluvett\u00e4. Etel\u00e4reunan kiviaidassa on kulkuaukko seurakunnan hautausmaalle.<\/span><\/p>\n<h5 class=\"pkv\"><span class=\"pkv1\">Hautapaikat<br \/>\n<\/span><\/h5>\n<p class=\"pkv\"><span class=\"pkv1\">Hautapaikan, tarkemmin haudan hallintaoikeuden, voi ostaa etuk\u00e4teen, ennen kuolemantapausta. Hallintaoikeusaikaa ei ole rajattu, vaan oikeudet on t\u00e4h\u00e4n saakka myyty toistaiseksi, niin pitk\u00e4ksi aikaa kuin alue on hautausmaana. T\u00e4m\u00e4 poikkeaa evankelis-luterilaisten seurakuntien k\u00e4yt\u00e4nn\u00f6st\u00e4, jossa hallintaoikeus myyd\u00e4\u00e4n m\u00e4\u00e4r\u00e4ajaksi ja sit\u00e4 uusittaessa on maksettava uusi maksu. Vanha hautapaikkakartta tuhoutui ty\u00f6kaluvajan tuhopoltossa, mutta Seppo Simpura kertoo laatineensa uuden kartan. Alueella on haudattuja vainajia yhteens\u00e4 noin sata.<\/span><\/p>\n<p>Tilan alasta arviolta vain 1\/10 on toistaiseksi k\u00e4ytetty hautoja, k\u00e4yt\u00e4vi\u00e4 ja huoltorakennusta varten. Hautapaikkoja riitt\u00e4\u00e4 siis kauas tulevaisuuteen. Hautauksia on nykyisin v\u00e4h\u00e4n, keskim\u00e4\u00e4rin noin yksi vuodessa.<\/p>\n<h5 class=\"pkv\"><span class=\"pkv1\">Hautausmaa ei ole kaupan<br \/>\n<\/span><\/h5>\n<p class=\"pkv\"><span class=\"pkv1\">Kuusankosken evankelis-luterilainen seurakunta on ollut kiinnostunut ostamaan Lepolan tai osan siit\u00e4 omiin tarpeisiinsa.\u00a0 Vapaa-ajattelijayhdistys on kuitenkin halunnut pit\u00e4\u00e4 oman hautausmaansa eik\u00e4 kauppoja ole syntynyt.<\/span><\/p>\n<p>Lis\u00e4tietoja yhdistyksen historiasta:<\/p>\n<p><a href=\"http:\/\/www.ateistit.fi\/uutiset\/uuti121227.html\">http:\/\/www.ateistit.fi\/uutiset\/uuti121227.html<\/a><\/p>\n<\/div>\n","protected":false},"excerpt":{"rendered":"<p>Yhdistyksen esittely Hallitus: Tiina Saavalainen, puheenjohtaja Emmi Lyytik\u00e4inen, varapuheenjohtaja Melina Maunula, sihteeri Leila P\u00f6rsti, hautausmaavastaava Arto Porvari, j\u00e4sen Hallituksen ulkopuolisena taloudenhoitajana toimii Ume Eerola. Tietoa Kouvolan Vapaa-ajattelijoista Ihmisten yhdenvertainen kohtelu &#8230; <a title=\"Yhdistys\" class=\"read-more\" href=\"https:\/\/vapaa-ajattelijat.fi\/kouvola\/yhdistys\/\" aria-label=\"Lue lis\u00e4\u00e4 aiheesta Yhdistys\">Lue lis\u00e4\u00e4<\/a><\/p>\n","protected":false},"author":13,"featured_media":0,"parent":0,"menu_order":0,"comment_status":"closed","ping_status":"closed","template":"","meta":{"footnotes":""},"class_list":["post-8","page","type-page","status-publish"],"_links":{"self":[{"href":"https:\/\/vapaa-ajattelijat.fi\/kouvola\/wp-json\/wp\/v2\/pages\/8","targetHints":{"allow":["GET"]}}],"collection":[{"href":"https:\/\/vapaa-ajattelijat.fi\/kouvola\/wp-json\/wp\/v2\/pages"}],"about":[{"href":"https:\/\/vapaa-ajattelijat.fi\/kouvola\/wp-json\/wp\/v2\/types\/page"}],"author":[{"embeddable":true,"href":"https:\/\/vapaa-ajattelijat.fi\/kouvola\/wp-json\/wp\/v2\/users\/13"}],"replies":[{"embeddable":true,"href":"https:\/\/vapaa-ajattelijat.fi\/kouvola\/wp-json\/wp\/v2\/comments?post=8"}],"version-history":[{"count":5,"href":"https:\/\/vapaa-ajattelijat.fi\/kouvola\/wp-json\/wp\/v2\/pages\/8\/revisions"}],"predecessor-version":[{"id":98,"href":"https:\/\/vapaa-ajattelijat.fi\/kouvola\/wp-json\/wp\/v2\/pages\/8\/revisions\/98"}],"wp:attachment":[{"href":"https:\/\/vapaa-ajattelijat.fi\/kouvola\/wp-json\/wp\/v2\/media?parent=8"}],"curies":[{"name":"wp","href":"https:\/\/api.w.org\/{rel}","templated":true}]}}