{"id":329,"date":"2026-04-25T17:07:07","date_gmt":"2026-04-25T14:07:07","guid":{"rendered":"https:\/\/vapaa-ajattelijat.fi\/keski-uusimaa\/?post_type=tribe_events&#038;p=329"},"modified":"2026-04-25T17:20:53","modified_gmt":"2026-04-25T14:20:53","slug":"keski-uusimaa-vuosikokous-2","status":"publish","type":"tribe_events","link":"https:\/\/vapaa-ajattelijat.fi\/keski-uusimaa\/tapahtuma\/keski-uusimaa-vuosikokous-2\/","title":{"rendered":"Keski-Uusimaa Vuosikokous"},"content":{"rendered":"<p>Keski-Uudenmaan Vapaa-ajattelijat ry vuosikokous<\/p>\n<ol>\n<li>Avaus<\/li>\n<li>Kokousvirkailijat<\/li>\n<li>Laillisuus<\/li>\n<li>Ty\u00f6j\u00e4rjestys<\/li>\n<li>Toimintakertomus,\u00a0<a href=\"https:\/\/vapaa-ajattelijat.fi\/keski-uusimaa\/kertomukset\/\">Linkki<\/a><\/li>\n<li>Tilinp\u00e4\u00e4t\u00f6s ja tilintarkastajien lausunto<\/li>\n<li>P\u00e4\u00e4tet\u00e4\u00e4n tilinp\u00e4\u00e4t\u00f6ksen vahvistamisesta ja vastuuvapauden my\u00f6nt\u00e4misest\u00e4<\/li>\n<li>P\u00e4\u00e4tet\u00e4\u00e4n <a href=\"https:\/\/vapaa-ajattelijat.fi\/keski-uusimaa\/suunnitelmat\/\">Toimintasuunnitelmasta\u00a0\u00a0\u00a0<\/a>\n<ol>\n<li>\u00a0onko liittokokousaloiteen paikka esim. mallikirjeest\u00e4 kouluille tilaisuuksien informoinnissa<\/li>\n<li>\u00a0liittokokousedustajan ja varahenkil\u00f6n valinta<\/li>\n<li>voidaan jakaa ET opiskelijoille stipendej\u00e4 hallituksen p\u00e4\u00e4t\u00f6ksell\u00e4 70\u20ac\/kpl max 3kpl<\/li>\n<\/ol>\n<\/li>\n<\/ol>\n<ol start=\"9\">\n<li>P\u00e4\u00e4tet\u00e4\u00e4n j\u00e4senmaksun suuruudesta, esitys entinen 25\u20ac<\/li>\n<li>P\u00e4\u00e4tet\u00e4\u00e4n tulo- ja menoarviosta<\/li>\n<li>Valitaan hallitukselle puheenjohtaja<\/li>\n<li>Valitaan hallituksen muut j\u00e4senet ja mahdolliset varaj\u00e4senet<\/li>\n<li>Valitaan toiminnantarkastaja ja varahenkil\u00f6<\/li>\n<li>Valitaan mahdolliset toimikunnat<\/li>\n<li>K\u00e4sitell\u00e4\u00e4n muut asiat ottaen huomioon yhdistyslain 24 \u00a7:n m\u00e4\u00e4r\u00e4ykset.<\/li>\n<li>P\u00e4\u00e4tet\u00e4\u00e4n kokous.<\/li>\n<\/ol>\n","protected":false},"excerpt":{"rendered":"<p>Keski-Uudenmaan Vapaa-ajattelijat ry vuosikokous Avaus Kokousvirkailijat Laillisuus Ty\u00f6j\u00e4rjestys Toimintakertomus,\u00a0Linkki Tilinp\u00e4\u00e4t\u00f6s ja tilintarkastajien lausunto P\u00e4\u00e4tet\u00e4\u00e4n tilinp\u00e4\u00e4t\u00f6ksen vahvistamisesta ja vastuuvapauden my\u00f6nt\u00e4misest\u00e4 P\u00e4\u00e4tet\u00e4\u00e4n Toimintasuunnitelmasta\u00a0\u00a0\u00a0 \u00a0onko liittokokousaloiteen paikka esim. mallikirjeest\u00e4 kouluille tilaisuuksien informoinnissa \u00a0liittokokousedustajan &#8230; <a title=\"Keski-Uusimaa Vuosikokous\" class=\"read-more\" href=\"https:\/\/vapaa-ajattelijat.fi\/keski-uusimaa\/tapahtuma\/keski-uusimaa-vuosikokous-2\/\" aria-label=\"Lue lis\u00e4\u00e4 aiheesta Keski-Uusimaa Vuosikokous\">Lue lis\u00e4\u00e4<\/a><\/p>\n","protected":false},"author":36,"featured_media":0,"template":"","meta":{"_tribe_events_status":"","_tribe_events_status_reason":"","footnotes":""},"tags":[],"tribe_events_cat":[],"class_list":["post-329","tribe_events","type-tribe_events","status-publish","hentry"],"_links":{"self":[{"href":"https:\/\/vapaa-ajattelijat.fi\/keski-uusimaa\/wp-json\/wp\/v2\/tribe_events\/329","targetHints":{"allow":["GET"]}}],"collection":[{"href":"https:\/\/vapaa-ajattelijat.fi\/keski-uusimaa\/wp-json\/wp\/v2\/tribe_events"}],"about":[{"href":"https:\/\/vapaa-ajattelijat.fi\/keski-uusimaa\/wp-json\/wp\/v2\/types\/tribe_events"}],"author":[{"embeddable":true,"href":"https:\/\/vapaa-ajattelijat.fi\/keski-uusimaa\/wp-json\/wp\/v2\/users\/36"}],"version-history":[{"count":5,"href":"https:\/\/vapaa-ajattelijat.fi\/keski-uusimaa\/wp-json\/wp\/v2\/tribe_events\/329\/revisions"}],"predecessor-version":[{"id":335,"href":"https:\/\/vapaa-ajattelijat.fi\/keski-uusimaa\/wp-json\/wp\/v2\/tribe_events\/329\/revisions\/335"}],"wp:attachment":[{"href":"https:\/\/vapaa-ajattelijat.fi\/keski-uusimaa\/wp-json\/wp\/v2\/media?parent=329"}],"wp:term":[{"taxonomy":"post_tag","embeddable":true,"href":"https:\/\/vapaa-ajattelijat.fi\/keski-uusimaa\/wp-json\/wp\/v2\/tags?post=329"},{"taxonomy":"tribe_events_cat","embeddable":true,"href":"https:\/\/vapaa-ajattelijat.fi\/keski-uusimaa\/wp-json\/wp\/v2\/tribe_events_cat?post=329"}],"curies":[{"name":"wp","href":"https:\/\/api.w.org\/{rel}","templated":true}]}}