{"id":1411,"date":"2021-03-27T14:05:13","date_gmt":"2021-03-27T12:05:13","guid":{"rendered":"https:\/\/vapaa-ajattelijat.fi\/forssa\/?page_id=1411"},"modified":"2021-11-26T12:54:04","modified_gmt":"2021-11-26T10:54:04","slug":"toimintasuunnitelma","status":"publish","type":"page","link":"https:\/\/vapaa-ajattelijat.fi\/forssa\/toimintasuunnitelma\/","title":{"rendered":"Toimintasuunnitelma"},"content":{"rendered":"\t\t<div data-elementor-type=\"wp-page\" data-elementor-id=\"1411\" class=\"elementor elementor-1411\">\n\t\t\t\t\t\t<section class=\"elementor-section elementor-top-section elementor-element elementor-element-0d2ab82 elementor-section-boxed elementor-section-height-default elementor-section-height-default\" data-id=\"0d2ab82\" data-element_type=\"section\" data-e-type=\"section\">\n\t\t\t\t\t\t<div class=\"elementor-container elementor-column-gap-default\">\n\t\t\t\t\t<div class=\"elementor-column elementor-col-100 elementor-top-column elementor-element elementor-element-31916c9\" data-id=\"31916c9\" data-element_type=\"column\" data-e-type=\"column\">\n\t\t\t<div class=\"elementor-widget-wrap elementor-element-populated\">\n\t\t\t\t\t\t<div class=\"elementor-element elementor-element-09efe86 elementor-widget elementor-widget-text-editor\" data-id=\"09efe86\" data-element_type=\"widget\" data-e-type=\"widget\" data-widget_type=\"text-editor.default\">\n\t\t\t\t<div class=\"elementor-widget-container\">\n\t\t\t\t\t\t\t\t\t<p>FORSSAN VAPAA-AJATTELIJAT RY<\/p><p>TOIMINTASUUNNITELMA VUODELLE 2022<\/p><p>Kev\u00e4\u00e4n ja syksyn vuosikokoukset j\u00e4rjestet\u00e4\u00e4n s\u00e4\u00e4nt\u00f6jen m\u00e4\u00e4r\u00e4\u00e4m\u00e4ll\u00e4 tavalla.<\/p><p>Hallituksen kokouksia pidet\u00e4\u00e4n tarpeen vaatiessa.<\/p><p>Suoritetaan muut yhdistyksen s\u00e4\u00e4nt\u00f6jen edellytt\u00e4m\u00e4t teht\u00e4v\u00e4t.<\/p><p>Yhdistyksen arkistojen ja valokuvien j\u00e4rjestestely\u00e4 jatketaan edelleen.<\/p><p>Hautausmaan karttaa ja hautapaikkaluetteloa pidet\u00e4\u00e4n ajan tasalla my\u00f6s s\u00e4hk\u00f6isen\u00e4.<\/p><p>Hautausmaasta ja sen hinnastosta tiedottamista aktivoidaan huomioiden erityisesti Muistolehto.<\/p><p>Siivous- ja kunnostustalkoita jatketaan hautausmaalla entiseen tapaan ja pyrit\u00e4\u00e4n aktivoimaan niihin lis\u00e4\u00e4 osanottajia. Hautausmaan kuusiaidan uudistamista jatketaan. V\u00e4linevaraston ja saniteettitilojen rakentamista valmistellaan edelleen.<\/p><p>Muistolehdon sirottelualueen rajat merkit\u00e4\u00e4n sopivalla tavalla.<\/p><p>Vapaa Ajattelija- lehden n\u00e4ytenumeroita ja muuta Liitolta mahdollisesti saatavaa valistusmateriaalia jaetaan.<\/p><p>Osallistutaan mahdollisuuksien mukaan Vapaa-ajattelijain Liiton sek\u00e4 muiden uskonnottomien tahojen j\u00e4rjest\u00e4miin tapahtumiin ja tilaisuuksiin.<\/p><p>J\u00e4rjestet\u00e4\u00e4n paikallisia vapaa-ajatteluun ja uskonnottomuuteen liittyvi\u00e4 tapahtumia tarvittaessa yhteistoiminnassa Liiton ja sen yhdistysten kanssa.<\/p><p>Haetaan liitolta avustusta hautausmaalle ja muuhun yhdistyksen toimintaan.<\/p><p>Forssan kaupungilta haetaan toiminta-avustusta yhdistykselle ja hautausmaalle sek\u00e4 aletaan tunnustella mahdollisuuksia hautausmaan hoidon siirt\u00e4miseksi osittain tai kokonaan kaupungin vastuulle.<\/p><p>Uusien j\u00e4senten hankintaan, varsinkin nuorten, kiinnitet\u00e4\u00e4n erityist\u00e4 huomiota.<\/p><p>Kehitet\u00e4\u00e4n ja otetaan k\u00e4ytt\u00f6\u00f6n yhdistyksen kotisivut internetiss\u00e4 yhteisty\u00f6ss\u00e4 Liiton kanssa. Niit\u00e4 yll\u00e4pit\u00e4v\u00e4t ja valvovat hallituksen nime\u00e4m\u00e4t vastuuhenkil\u00f6t.<\/p>\t\t\t\t\t\t\t\t<\/div>\n\t\t\t\t<\/div>\n\t\t\t\t\t<\/div>\n\t\t<\/div>\n\t\t\t\t\t<\/div>\n\t\t<\/section>\n\t\t\t\t<section class=\"elementor-section elementor-top-section elementor-element elementor-element-66dfe5f elementor-section-boxed elementor-section-height-default elementor-section-height-default\" data-id=\"66dfe5f\" data-element_type=\"section\" data-e-type=\"section\">\n\t\t\t\t\t\t<div class=\"elementor-container elementor-column-gap-default\">\n\t\t\t\t\t<div class=\"elementor-column elementor-col-100 elementor-top-column elementor-element elementor-element-0cb9305\" data-id=\"0cb9305\" data-element_type=\"column\" data-e-type=\"column\">\n\t\t\t<div class=\"elementor-widget-wrap elementor-element-populated\">\n\t\t\t\t\t\t<div class=\"elementor-element elementor-element-2d47588 elementor-widget elementor-widget-text-editor\" data-id=\"2d47588\" data-element_type=\"widget\" data-e-type=\"widget\" data-widget_type=\"text-editor.default\">\n\t\t\t\t<div class=\"elementor-widget-container\">\n\t\t\t\t\t\t\t\t\t<p><b>VAPAA-AJATTELIJAIN LIITTO RY<\/b><b>\u00a0<\/b><\/p><p><b>Liittovaltuusto 20.11.2021<\/b><b>\u00a0<\/b><\/p><p><b>TOIMINTASUUNNITELMA VUODELLE 2022<\/b><b>\u00a0<\/b><\/p><p><span style=\"font-weight: 400\">Vuoden 2022 osalta toiminta saattaa edelleenkin muuttaa muotoaan tai siirty\u00e4 toiseen ajankohtaan<\/span><span style=\"font-weight: 400\"> j<\/span><span style=\"font-weight: 400\">ohtuen covid19-pandemiasta.<\/span><span style=\"font-weight: 400\">\u00a0<\/span><\/p><p><span style=\"font-weight: 400\">Puoluepoliittisesti sitoutumattomana edunvalvonta-, ihmisoikeus- ja kulttuurij\u00e4rjest\u00f6n\u00e4<\/span> <span style=\"font-weight: 400\">Vapaa-ajattelijain liitto jatkaa yhteiskuntapoliittista vaikuttamista ja vuorovaikutusta eduskunnan,<\/span> <span style=\"font-weight: 400\">hallituksen ja ministeri\u00f6iden sek\u00e4 puolueiden kanssa. Kunnissa ja maakunnissa j\u00e4senyhdistykset<\/span><span style=\"font-weight: 400\"> j<\/span><span style=\"font-weight: 400\">atkavat vaikuttamista ja vuorovaikutusta paikallisten ja alueellisten viranomaisten kanssa muun<\/span> <span style=\"font-weight: 400\">muassa tasa-arvo- ja yhdenvertaisuunnitelmien p\u00e4ivitt\u00e4misen kautta.<\/span><span style=\"font-weight: 400\">\u00a0<\/span><\/p><p><span style=\"font-weight: 400\">Painopisteen\u00e4 vuonna 2022 ovat edelleen lasten ja nuorten oikeudet p\u00e4iv\u00e4hoidossa ja koulussa.<\/span> <span style=\"font-weight: 400\">Toimimme el\u00e4m\u00e4nkatsomustiedon vahvistamiseksi ja avaamiseksi kaikille uskonnonopetuksen<\/span> <span style=\"font-weight: 400\">sijaan valittavissa olevaksi oppiaineeksi. Toimimme nuorten ja ik\u00e4ihmisten osallisuuden ja<\/span> <span style=\"font-weight: 400\">neuvontapalvelujen kehitt\u00e4miseksi. Kiinnit\u00e4mme huomiota kriisity\u00f6n ja henkisen tuen<\/span> <span style=\"font-weight: 400\">ammatillisten palvelujen saatavuuteen ja tiedottamiseen.<\/span><span style=\"font-weight: 400\">\u00a0<\/span><\/p><p><b>Valtion ja kuntien toiminta katsomuksellisesti neutraaliksi<\/b><b>\u00a0<\/b><\/p><p><span style=\"font-weight: 400\">Julkisen vallan toiminnan neutraalisuusperiaate kuuluu eurooppalaisiin arvoihin. Nostamme<\/span> <span style=\"font-weight: 400\">keskusteluun kirkkojen julkisoikeudellisen erityisaseman lopettamisen. Evankelis-luterilaisen<\/span> <span style=\"font-weight: 400\">kirkon j\u00e4senosuus laskee pian alle 2\/3:n, mik\u00e4 vauhdittaa kirkon ja valtion erottamisvaatimusta.<\/span><span style=\"font-weight: 400\">\u00a0<\/span><\/p><p><span style=\"font-weight: 400\">Jatketaan aloitteilla, kannanotoilla ja lausunnoilla yhteiskuntavaikuttamista ja viestint\u00e4\u00e4 perus- ja<\/span> <span style=\"font-weight: 400\">osatavoitteidemme puolesta. Liitto voi tukea tavoitteidemme kanssa yhdensuuntaisia<\/span> <span style=\"font-weight: 400\">kansalaisaloitteita muun muassa tiedottamalla niist\u00e4. Erityinen huomio kiinnitet\u00e4\u00e4n lasten ja nuorten<\/span> <span style=\"font-weight: 400\">oikeuksiin varhaiskasvatuksessa, oppilaitoksissa ja puolustusvoimissa. Kampanjoimme<\/span> <span style=\"font-weight: 400\">el\u00e4m\u00e4nkatsomustiedon vahvistamiseksi ja sen avaamiseksi lakimuutoksella kaikille valittavissa<\/span> <span style=\"font-weight: 400\">olevaksi katsomusaineeksi.<\/span><span style=\"font-weight: 400\">\u00a0<\/span><\/p><p><span style=\"font-weight: 400\">Toimimme julkisten palvelujen toimintaansa sis\u00e4llytt\u00e4mien uskonnonharjoitustilaisuuksien<\/span> <span style=\"font-weight: 400\">lopettamiseksi erityisesti p\u00e4iv\u00e4kodeissa ja kouluissa. Jatketaan tunnustuksettomien tilaisuuksien<\/span><span style=\"font-weight: 400\"> j<\/span><span style=\"font-weight: 400\">\u00e4rjest\u00e4mist\u00e4 ennen valtiop\u00e4ivien avajaisia. Maistraattien toiminta vastasyntyneiden lasten<\/span> <span style=\"font-weight: 400\">nimenannossa tulee saada katsomusten suhteen neutraaliksi.<\/span><span style=\"font-weight: 400\">\u00a0<\/span><\/p><p><span style=\"font-weight: 400\">N<\/span><span style=\"font-weight: 400\">ostetaan esiin hautaustoimilain ep\u00e4kohdat ja evankelis-luterilaisten seurakuntien hautaustoimessa<\/span> <span style=\"font-weight: 400\">harjoittama uskonnottomiin kohdistava syrjint\u00e4. Esit\u00e4mme uskonnollisesti tunnustuksettomien<\/span> <span style=\"font-weight: 400\">seremoniatilojen ja krematorioiden rakentamista kunnissa. Esit\u00e4mme my\u00f6s hautaustoimen<\/span> <span style=\"font-weight: 400\">siirt\u00e4mist\u00e4 kirkollisasioista julkiseksi sosiaali- ja terveydenhuollon palveluksi osaksi<\/span> <span style=\"font-weight: 400\">hyvinvointialueiden toimintaa.<\/span><\/p><p><span style=\"font-weight: 400\">Liitto voi tukea suomalaisille oikeuselimille sek\u00e4 Euroopan Neuvoston, EU:n ja YK:n<\/span> <span style=\"font-weight: 400\">ihmisoikeustoimielimelle mahdollisesti teht\u00e4vi\u00e4 valituksia ja jatkovalituksia muun muassa lapsen<\/span> <span style=\"font-weight: 400\">oikeuksien edist\u00e4miseksi ja kaiken ik\u00e4isten syrjinn\u00e4n poistamiseksi.<\/span><span style=\"font-weight: 400\">\u00a0<\/span><\/p><p><b>Aktiivisen toiminnan tukeminen vapaa-ajattelijain koko yhdistyskent\u00e4ss\u00e4<\/b><b>\u00a0<\/b><\/p><p><span style=\"font-weight: 400\">Jatketaan alueellisen ja paikallisen yhdistystoiminnan kehitt\u00e4mist\u00e4 ja laajentamista kokemusten<\/span> <span style=\"font-weight: 400\">vaihdolla ja koulutuksella. Liittohallitus valmistelee et\u00e4yhteys- ja ty\u00f6ryhm\u00e4mallia j\u00e4senyhdistysten<\/span> <span style=\"font-weight: 400\">toiminnan nykyaikaistamisen ty\u00f6kaluiksi.<\/span><span style=\"font-weight: 400\">\u00a0<\/span><\/p><p><span style=\"font-weight: 400\">Liitto tukee edelleen paikallisten ja alueellisten tilaisuuksien ja tapahtumien j\u00e4rjest\u00e4mist\u00e4 sek\u00e4<\/span> <span style=\"font-weight: 400\">yhdistysten keskin\u00e4ist\u00e4 l\u00e4hialueyhteisty\u00f6t\u00e4. Lis\u00e4t\u00e4\u00e4n esill\u00e4oloa tapahtumissa ja messuilla.<\/span> <span style=\"font-weight: 400\">Kokeillaan kiertuetoimintaa k\u00e4ytt\u00e4en muunneltavaa tilaisuusmallia.<\/span><span style=\"font-weight: 400\">\u00a0<\/span><\/p><p><span style=\"font-weight: 400\">J\u00e4rjestet\u00e4\u00e4n koulutusta liiton ja yhdistysten oppilaitosyhteisty\u00f6h\u00f6n ja kouluvierailutoimintaan.<\/span> <span style=\"font-weight: 400\">Tiedotetaan kutsu- ja vierailumahdollisuudesta koulujen oppitunneille, teematapahtumiin sek\u00e4<\/span><span style=\"font-weight: 400\"> p<\/span><span style=\"font-weight: 400\">\u00e4iv\u00e4navauksiin. Kehitet\u00e4\u00e4n vierailuja tukevia esittelyaineistoja eri ik\u00e4ryhmille sopiviksi.<\/span><span style=\"font-weight: 400\">\u00a0<\/span><\/p><p><span style=\"font-weight: 400\">J\u00e4senyyden merkityst\u00e4 uskonnottomien oikeuksien edist\u00e4misess\u00e4 painotetaan erityisesti alkuvuoden<\/span> <span style=\"font-weight: 400\">viestinn\u00e4ss\u00e4. Tuetaan yhdistysten j\u00e4senhankintaty\u00f6t\u00e4, -tapahtumia ja -tiedotteita. Tehd\u00e4\u00e4n<\/span> <span style=\"font-weight: 400\">englannin- ja ven\u00e4j\u00e4nkielisi\u00e4 esitteit\u00e4 uskonnottomien ihmisoikeuksista.<\/span><span style=\"font-weight: 400\">\u00a0<\/span><\/p><p><b>Projekteissa toimiminen<\/b><b>\u00a0<\/b><\/p><p><span style=\"font-weight: 400\">Kehitet\u00e4\u00e4n liiton valtakunnallisten ty\u00f6ryhmien ja projektien roolia asioiden valmistelussa ja<\/span><span style=\"font-weight: 400\"> p<\/span><span style=\"font-weight: 400\">\u00e4\u00e4t\u00f6sten toimeenpanossa sek\u00e4 tuetaan ty\u00f6ryhmien teematapaamisia. Koulujen opetusta ja<\/span> <span style=\"font-weight: 400\">oppimateriaaleja sek\u00e4 kouluvierailuja kehitt\u00e4v\u00e4 ty\u00f6ryhm\u00e4 jatkaa toimintaansa.<\/span><span style=\"font-weight: 400\">\u00a0<\/span><\/p><p><span style=\"font-weight: 400\">Valmistellaan uskonnottomien ihmisoikeuksia sek\u00e4 uskonnotonta el\u00e4m\u00e4\u00e4 ja kulttuuria tukevien<\/span><span style=\"font-weight: 400\"> p<\/span><span style=\"font-weight: 400\">rojektien rahoitushakemuksia. Haetaan rahoitusta muun muassa nuorten ja ik\u00e4ihmisten<\/span> <span style=\"font-weight: 400\">osallisuutta, palveluja ja ihmisoikeuksia edist\u00e4v\u00e4\u00e4n projektiin. Suunnitellaan ja kehitet\u00e4\u00e4n hanketta<\/span> <span style=\"font-weight: 400\">sosiaalisesta tukipalvelusta ja neuvonnasta uskonnottomille uskonnonvapauden ja<\/span> <span style=\"font-weight: 400\">yhdenvertaisuuden edist\u00e4miseksi. Rahoituksen mahdollisuuksien mukaan edistet\u00e4\u00e4n my\u00f6s<\/span> <span style=\"font-weight: 400\">uskontojen ja katsomusten vuoropuhelua tilaisuussarjalla useissa maakunnissa.<\/span><span style=\"font-weight: 400\">\u00a0<\/span><\/p><p><b>Viestint\u00e4<\/b><b>\u00a0<\/b><\/p><p><span style=\"font-weight: 400\">Liiton aloitteita, kannanottoja ja tiedotteita tuodaan edelleen julki netiss\u00e4 ja medialle. Kehitet\u00e4\u00e4n<\/span> <span style=\"font-weight: 400\">monikanavaviestint\u00e4\u00e4, jossa tuotettua sis\u00e4lt\u00f6\u00e4 hy\u00f6dynnet\u00e4\u00e4n useissa eri viestimiss\u00e4 sovittaen kunkin<\/span> <span style=\"font-weight: 400\">edellytt\u00e4m\u00e4\u00e4n muotoon.<\/span><span style=\"font-weight: 400\">\u00a0<\/span><\/p><p><span style=\"font-weight: 400\">Jatketaan Vapaa Ajattelija -lehden julkaisutoimintaa ja kehitt\u00e4mist\u00e4. Vuonna 2022 julkaistaan nelj\u00e4<\/span> <span style=\"font-weight: 400\">numeroa. Yhdest\u00e4 numerosta voidaan ottaa tavanomaista suurempi painos. Lehti ja sen juttuja<\/span><span style=\"font-weight: 400\"> j<\/span><span style=\"font-weight: 400\">ulkaistaan my\u00f6s liiton nettisivuilla. Lis\u00e4t\u00e4\u00e4n lehden tunnetuksi tekoa tapahtumissa, oppilaitoksille<\/span><span style=\"font-weight: 400\"> j<\/span><span style=\"font-weight: 400\">a kirjastoille.<\/span><\/p><p><span style=\"font-weight: 400\">Uudistetaan esitteit\u00e4 ja aloitetaan kokeiluluontoisesti pienimuotoinen julkaisutoiminta netiss\u00e4 tai<\/span> <span style=\"font-weight: 400\">mahdollisesti my\u00f6s painettuna kysynn\u00e4n mukaan. Liitto kehitt\u00e4\u00e4 esitteiden ja tiedotteiden<\/span> <span style=\"font-weight: 400\">k\u00e4\u00e4nn\u00f6stoimintaa vuonna 2022.<\/span><span style=\"font-weight: 400\">\u00a0<\/span><\/p><p><span style=\"font-weight: 400\">Osallistutaan edelleen tapahtumiin ja messuille sek\u00e4 tuetaan j\u00e4senyhdistysten osallistumista niihin.<\/span><span style=\"font-weight: 400\">\u00a0<\/span><\/p><p><span style=\"font-weight: 400\">Tarjotaan edelleen yhdistyksille mahdollisuutta omiin nettisivuihin. Toteutetaan valmisteilla ollut<\/span> <span style=\"font-weight: 400\">liiton nettisivujen uudistaminen.<\/span><span style=\"font-weight: 400\">\u00a0<\/span><\/p><p><span style=\"font-weight: 400\">Liitto yll\u00e4pit\u00e4\u00e4 uskonnonvapaus.fi-sivustoa, joka on laajin suomenkielinen sivusto uskonnon ja<\/span> <span style=\"font-weight: 400\">katsomuksen vapaudesta. Liitto tukee et-opetus.fi-sivustoa. Liitto suhtautuu my\u00f6nteisesti<\/span> <span style=\"font-weight: 400\">eroakirkosta.fi-palveluun ja tuo esiin sit\u00e4 toiminnassaan.<\/span><span style=\"font-weight: 400\">\u00a0<\/span><\/p><p><span style=\"font-weight: 400\">Liiton toimiston kirjasto on yhdistysten j\u00e4senist\u00f6n ja yst\u00e4vien k\u00e4yt\u00f6ss\u00e4.<\/span><span style=\"font-weight: 400\">\u00a0<\/span><\/p><p><b>Puhujatoiminta ja sekulaarin tapakulttuurin edist\u00e4minen<\/b><b>\u00a0<\/b><\/p><p><span style=\"font-weight: 400\">Edistet\u00e4\u00e4n uskonnotonta tapakulttuuria tukemalla Pro-Seremonioiden toimintaa ja muuta<\/span> <span style=\"font-weight: 400\">uskonnotonta puhujatoimintaa nimi\u00e4isiin, h\u00e4ihin ja hautajaisiin. Yhdistystemme j\u00e4senet ja<\/span><span style=\"font-weight: 400\"> p<\/span><span style=\"font-weight: 400\">erheenj\u00e4senet voivat saada alennusta palvelujen hintaan sek\u00e4 hakea tukea seremoniapalvelujen<\/span> <span style=\"font-weight: 400\">ostosta.<\/span><span style=\"font-weight: 400\">\u00a0<\/span><\/p><p><span style=\"font-weight: 400\">Tuodaan esiin tiedotuksessa, tapahtumissa ja messuilla maallista tapakulttuuria, uskonnottomia<\/span><span style=\"font-weight: 400\"> p<\/span><span style=\"font-weight: 400\">erhejuhlia ja Pro-Seremonioiden palveluja. Yhdenvertaisen kohtelun nojalla esit\u00e4mme, ett\u00e4 my\u00f6s<\/span> <span style=\"font-weight: 400\">sekulaarien seremoniapalvelujen kehitt\u00e4mist\u00e4 ja tunnetuksi tekemist\u00e4 tuetaan julkisen vallan<\/span> <span style=\"font-weight: 400\">toimesta.<\/span><span style=\"font-weight: 400\">\u00a0<\/span><\/p><p><b>Kansainv\u00e4linen toiminta<\/b><b>\u00a0<\/b><\/p><p><span style=\"font-weight: 400\">Liitto on Euroopan humanistisen federaation EHF:n ja Kansainv\u00e4lisen humanistiliiton HI:n<\/span> <span style=\"font-weight: 400\">(Humanists International) j\u00e4sen sek\u00e4 osallistuu niiden j\u00e4senj\u00e4rjest\u00f6jen pohjoismaiseen yhteisty\u00f6h\u00f6n.<\/span> <span style=\"font-weight: 400\">Toimintavuonna 2022 Liitto osallistuu HI:n ja EHF:n yleiskokouksiin jotka molemmat pidet\u00e4\u00e4n<\/span> <span style=\"font-weight: 400\">Glasgow:ssa. Osallistumme my\u00f6s pohjoismaiseen tapaamiseen. Maailman humanistikonferenssiin<\/span> <span style=\"font-weight: 400\">osallistumme valmistelun osalta. Kehitet\u00e4\u00e4n yhteyksi\u00e4 Baltian maihin. Koordinoidaan<\/span> <span style=\"font-weight: 400\">kansainv\u00e4list\u00e4 toimintaa Suomen Humanistiliiton kanssa. Hy\u00f6dynnet\u00e4\u00e4n ja autetaan kansainv\u00e4lisi\u00e4<\/span> <span style=\"font-weight: 400\">kampanjoita, kuten Stop Blasphemy Laws sek\u00e4 The Freedom of Thought Report.<\/span><span style=\"font-weight: 400\">\u00a0<\/span><\/p><p><b>Kotimainen yhteiskuntavaikuttaminen<\/b><b>\u00a0<\/b><\/p><p><span style=\"font-weight: 400\">Kehitet\u00e4\u00e4n vuoropuhelua viranomaisten, ministeri\u00f6iden, poliittisten p\u00e4\u00e4tt\u00e4jien ja kotimaisten<\/span> <span style=\"font-weight: 400\">yhteisty\u00f6tahojen kanssa. Tehd\u00e4\u00e4n my\u00f6s yhteisi\u00e4 aloitteita muiden j\u00e4rjest\u00f6jen, muun muassa Suomen<\/span> <span style=\"font-weight: 400\">Humanistiliiton kanssa.<\/span><span style=\"font-weight: 400\">\u00a0<\/span><\/p><p><span style=\"font-weight: 400\">J\u00e4rjestet\u00e4\u00e4n tunnustukseton juhlatilaisuus ennen vuoden 2022 valtiop\u00e4ivien avajaisia yhdess\u00e4<\/span> <span style=\"font-weight: 400\">Suomen Humanistiliiton kanssa yhteisty\u00f6ss\u00e4 asianomaisen kansanedustajaryhm\u00e4n kanssa.<\/span><span style=\"font-weight: 400\">\u00a0<\/span><\/p><p><span style=\"font-weight: 400\">Tehd\u00e4\u00e4n tunnetuksi tavoitteitamme puolueille ja kansanedustajille. Erillisten osatavoitteidemme<\/span> <span style=\"font-weight: 400\">lis\u00e4ksi nostetaan tapetille kirkon julkisoikeudellisen erityisaseman purkamisen aloittaminen.<\/span><\/p><p><span style=\"font-weight: 400\">Liitto on edelleen Prometheus-leirin Tuki ry:n yhteis\u00f6j\u00e4sen ja Prometheus-seremoniat Oy:n osakas.<\/span> <span style=\"font-weight: 400\">Tuetaan edelleen laajapohjaista sekulaarij\u00e4rjest\u00f6jen yhteisty\u00f6t\u00e4. Tuetaan ideaa Suomen<\/span> <span style=\"font-weight: 400\">sekulaarihumanistisen neuvoston perustamiseksi. <\/span><span style=\"font-weight: 400\">\u00a0<\/span><\/p><p><span style=\"font-weight: 400\">Tehostetaan toimintaa maahanmuuttajien keskuudessa ihmisoikeuksien, uskonnonvapauden ja<\/span> <span style=\"font-weight: 400\">yhdenvertaisuuden puolesta sek\u00e4 ehdotetaan my\u00f6s j\u00e4seneksi liittymist\u00e4. <\/span><span style=\"font-weight: 400\">\u00a0<\/span><\/p><p><b>Seuranta ja tutkimus<\/b><b>\u00a0<\/b><\/p><p><span style=\"font-weight: 400\">Seurataan tutkimus- ja julkaisutoimintaa, uutisoidaan ja kommentoidaan sit\u00e4 tiedotuskanavillamme.<\/span><span style=\"font-weight: 400\">\u00a0<\/span><\/p><p><span style=\"font-weight: 400\">Laaditaan oppilaitoksille ja tutkimuslaitoksille ehdotuksia opinn\u00e4ytet\u00f6iden sek\u00e4 tutkimus- ja<\/span> <span style=\"font-weight: 400\">kehitt\u00e4mishankkeiden aiheiksi.<\/span><span style=\"font-weight: 400\">\u00a0<\/span><\/p><p><span style=\"font-weight: 400\">Valmistellaan stipendirahaston perustamista.<\/span><span style=\"font-weight: 400\">\u00a0<\/span><\/p><p><b>Hallinto ja koulutus<\/b><b>\u00a0<\/b><\/p><p><span style=\"font-weight: 400\">Hallitus vastaa toimintasuunnitelman toteutumisesta, aikataulutuksesta sek\u00e4 nime\u00e4\u00e4 vastuuhenkil\u00f6t.<\/span> <span style=\"font-weight: 400\">Tuetaan yhdistysten koulutustoimintaa ja avoimia valistustilaisuuksia.<\/span><span style=\"font-weight: 400\">\u00a0<\/span><\/p><p><b>Taloudenhoito, varainhankinta ja projektirahoitus<\/b><b>\u00a0<\/b><\/p><p><span style=\"font-weight: 400\">Uskonnottomien m\u00e4\u00e4r\u00e4n ja neuvontapalvelujen tarpeen lis\u00e4\u00e4ntyminen sek\u00e4 ihmisoikeus- ja<\/span> <span style=\"font-weight: 400\">kulttuuritoiminnan laajentuminen perustelevat liiton valtiolta saaman toimintatuen ja<\/span> <span style=\"font-weight: 400\">kulttuurilehtituen lis\u00e4\u00e4mist\u00e4.<\/span><span style=\"font-weight: 400\">\u00a0<\/span><\/p><p><span style=\"font-weight: 400\">Kehitet\u00e4\u00e4n ja laajennetaan toimintaa hankkeiden ja hankerahoituksen kautta.<\/span> <span style=\"font-weight: 400\">Hoidetaan suunnitelmallisesti liiton omaisuutta.<\/span><span style=\"font-weight: 400\">\u00a0<\/span><\/p><p><span style=\"font-weight: 400\">Kehitet\u00e4\u00e4n varainhankintaa 1.3.2020 voimaan tulleen uuden rahanker\u00e4yslain pohjalta. Tiedotetaan<\/span> <span style=\"font-weight: 400\">vapaa-ajattelun yst\u00e4ville liitolle ja yhdistyksille suunnattujen lahjoitusten ja testamenttien tekemisen<\/span> <span style=\"font-weight: 400\">mahdollisuuksista ja muodoista.<\/span><\/p>\t\t\t\t\t\t\t\t<\/div>\n\t\t\t\t<\/div>\n\t\t\t\t\t<\/div>\n\t\t<\/div>\n\t\t\t\t\t<\/div>\n\t\t<\/section>\n\t\t\t\t<\/div>\n\t\t","protected":false},"excerpt":{"rendered":"<p>FORSSAN VAPAA-AJATTELIJAT RY TOIMINTASUUNNITELMA VUODELLE 2022 Kev\u00e4\u00e4n ja syksyn vuosikokoukset j\u00e4rjestet\u00e4\u00e4n s\u00e4\u00e4nt\u00f6jen m\u00e4\u00e4r\u00e4\u00e4m\u00e4ll\u00e4 tavalla. Hallituksen kokouksia pidet\u00e4\u00e4n tarpeen vaatiessa. Suoritetaan muut yhdistyksen s\u00e4\u00e4nt\u00f6jen edellytt\u00e4m\u00e4t teht\u00e4v\u00e4t. Yhdistyksen arkistojen ja valokuvien j\u00e4rjestestely\u00e4 &#8230; <a title=\"Toimintasuunnitelma\" class=\"read-more\" href=\"https:\/\/vapaa-ajattelijat.fi\/forssa\/toimintasuunnitelma\/\" aria-label=\"Lue lis\u00e4\u00e4 aiheesta Toimintasuunnitelma\">Lue lis\u00e4\u00e4<\/a><\/p>\n","protected":false},"author":34,"featured_media":0,"parent":0,"menu_order":0,"comment_status":"closed","ping_status":"closed","template":"","meta":{"footnotes":""},"class_list":["post-1411","page","type-page","status-publish"],"_links":{"self":[{"href":"https:\/\/vapaa-ajattelijat.fi\/forssa\/wp-json\/wp\/v2\/pages\/1411","targetHints":{"allow":["GET"]}}],"collection":[{"href":"https:\/\/vapaa-ajattelijat.fi\/forssa\/wp-json\/wp\/v2\/pages"}],"about":[{"href":"https:\/\/vapaa-ajattelijat.fi\/forssa\/wp-json\/wp\/v2\/types\/page"}],"author":[{"embeddable":true,"href":"https:\/\/vapaa-ajattelijat.fi\/forssa\/wp-json\/wp\/v2\/users\/34"}],"replies":[{"embeddable":true,"href":"https:\/\/vapaa-ajattelijat.fi\/forssa\/wp-json\/wp\/v2\/comments?post=1411"}],"version-history":[{"count":13,"href":"https:\/\/vapaa-ajattelijat.fi\/forssa\/wp-json\/wp\/v2\/pages\/1411\/revisions"}],"predecessor-version":[{"id":1559,"href":"https:\/\/vapaa-ajattelijat.fi\/forssa\/wp-json\/wp\/v2\/pages\/1411\/revisions\/1559"}],"wp:attachment":[{"href":"https:\/\/vapaa-ajattelijat.fi\/forssa\/wp-json\/wp\/v2\/media?parent=1411"}],"curies":[{"name":"wp","href":"https:\/\/api.w.org\/{rel}","templated":true}]}}